{"id":108,"date":"2019-09-19T15:21:05","date_gmt":"2019-09-19T12:21:05","guid":{"rendered":"http:\/\/www.istanbulbilisimkongresi.org.tr\/2019\/?page_id=108"},"modified":"2019-09-19T16:35:13","modified_gmt":"2019-09-19T13:35:13","slug":"basin-bulteni","status":"publish","type":"page","link":"https:\/\/www.istanbulbilisimkongresi.org.tr\/2019\/basin-bulteni\/","title":{"rendered":"Bas\u0131n B\u00fclteni"},"content":{"rendered":"<p>[et_pb_section bb_built=&#8221;1&#8243; fullwidth=&#8221;on&#8221; specialty=&#8221;off&#8221; next_background_color=&#8221;#000000&#8243; inner_width=&#8221;auto&#8221; inner_max_width=&#8221;1080px&#8221;][et_pb_fullwidth_image _builder_version=&#8221;3.26.3&#8243; src=&#8221;http:\/\/www.istanbulbilisimkongresi.org.tr\/2019\/wp-content\/uploads\/sites\/8\/2019\/09\/IBK_2019_UBanner.jpg&#8221; box_shadow_horizontal_tablet=&#8221;0px&#8221; box_shadow_vertical_tablet=&#8221;0px&#8221; box_shadow_blur_tablet=&#8221;40px&#8221; box_shadow_spread_tablet=&#8221;0px&#8221; z_index_tablet=&#8221;500&#8243; \/][\/et_pb_section][et_pb_section bb_built=&#8221;1&#8243; prev_background_color=&#8221;#000000&#8243; inner_width=&#8221;auto&#8221; inner_max_width=&#8221;1080px&#8221;][et_pb_row][et_pb_column type=&#8221;4_4&#8243; custom_padding__hover=&#8221;|||&#8221; custom_padding=&#8221;|||&#8221;][et_pb_text _builder_version=&#8221;3.26.3&#8243; text_text_shadow_horizontal_length=&#8221;text_text_shadow_style,%91object Object%93&#8243; text_text_shadow_horizontal_length_tablet=&#8221;0px&#8221; text_text_shadow_vertical_length=&#8221;text_text_shadow_style,%91object Object%93&#8243; text_text_shadow_vertical_length_tablet=&#8221;0px&#8221; text_text_shadow_blur_strength=&#8221;text_text_shadow_style,%91object Object%93&#8243; text_text_shadow_blur_strength_tablet=&#8221;1px&#8221; link_text_shadow_horizontal_length=&#8221;link_text_shadow_style,%91object Object%93&#8243; link_text_shadow_horizontal_length_tablet=&#8221;0px&#8221; link_text_shadow_vertical_length=&#8221;link_text_shadow_style,%91object Object%93&#8243; link_text_shadow_vertical_length_tablet=&#8221;0px&#8221; link_text_shadow_blur_strength=&#8221;link_text_shadow_style,%91object Object%93&#8243; link_text_shadow_blur_strength_tablet=&#8221;1px&#8221; ul_text_shadow_horizontal_length=&#8221;ul_text_shadow_style,%91object Object%93&#8243; ul_text_shadow_horizontal_length_tablet=&#8221;0px&#8221; ul_text_shadow_vertical_length=&#8221;ul_text_shadow_style,%91object Object%93&#8243; ul_text_shadow_vertical_length_tablet=&#8221;0px&#8221; ul_text_shadow_blur_strength=&#8221;ul_text_shadow_style,%91object Object%93&#8243; ul_text_shadow_blur_strength_tablet=&#8221;1px&#8221; ol_text_shadow_horizontal_length=&#8221;ol_text_shadow_style,%91object Object%93&#8243; ol_text_shadow_horizontal_length_tablet=&#8221;0px&#8221; ol_text_shadow_vertical_length=&#8221;ol_text_shadow_style,%91object Object%93&#8243; ol_text_shadow_vertical_length_tablet=&#8221;0px&#8221; ol_text_shadow_blur_strength=&#8221;ol_text_shadow_style,%91object Object%93&#8243; ol_text_shadow_blur_strength_tablet=&#8221;1px&#8221; quote_text_shadow_horizontal_length=&#8221;quote_text_shadow_style,%91object Object%93&#8243; quote_text_shadow_horizontal_length_tablet=&#8221;0px&#8221; quote_text_shadow_vertical_length=&#8221;quote_text_shadow_style,%91object Object%93&#8243; quote_text_shadow_vertical_length_tablet=&#8221;0px&#8221; quote_text_shadow_blur_strength=&#8221;quote_text_shadow_style,%91object Object%93&#8243; quote_text_shadow_blur_strength_tablet=&#8221;1px&#8221; header_text_shadow_horizontal_length=&#8221;header_text_shadow_style,%91object Object%93&#8243; header_text_shadow_horizontal_length_tablet=&#8221;0px&#8221; header_text_shadow_vertical_length=&#8221;header_text_shadow_style,%91object Object%93&#8243; header_text_shadow_vertical_length_tablet=&#8221;0px&#8221; header_text_shadow_blur_strength=&#8221;header_text_shadow_style,%91object Object%93&#8243; header_text_shadow_blur_strength_tablet=&#8221;1px&#8221; header_2_text_shadow_horizontal_length=&#8221;header_2_text_shadow_style,%91object Object%93&#8243; header_2_text_shadow_horizontal_length_tablet=&#8221;0px&#8221; header_2_text_shadow_vertical_length=&#8221;header_2_text_shadow_style,%91object Object%93&#8243; header_2_text_shadow_vertical_length_tablet=&#8221;0px&#8221; header_2_text_shadow_blur_strength=&#8221;header_2_text_shadow_style,%91object Object%93&#8243; header_2_text_shadow_blur_strength_tablet=&#8221;1px&#8221; header_3_text_shadow_horizontal_length=&#8221;header_3_text_shadow_style,%91object Object%93&#8243; header_3_text_shadow_horizontal_length_tablet=&#8221;0px&#8221; header_3_text_shadow_vertical_length=&#8221;header_3_text_shadow_style,%91object Object%93&#8243; header_3_text_shadow_vertical_length_tablet=&#8221;0px&#8221; header_3_text_shadow_blur_strength=&#8221;header_3_text_shadow_style,%91object Object%93&#8243; header_3_text_shadow_blur_strength_tablet=&#8221;1px&#8221; header_4_text_shadow_horizontal_length=&#8221;header_4_text_shadow_style,%91object Object%93&#8243; header_4_text_shadow_horizontal_length_tablet=&#8221;0px&#8221; header_4_text_shadow_vertical_length=&#8221;header_4_text_shadow_style,%91object Object%93&#8243; header_4_text_shadow_vertical_length_tablet=&#8221;0px&#8221; header_4_text_shadow_blur_strength=&#8221;header_4_text_shadow_style,%91object Object%93&#8243; header_4_text_shadow_blur_strength_tablet=&#8221;1px&#8221; header_5_text_shadow_horizontal_length=&#8221;header_5_text_shadow_style,%91object Object%93&#8243; header_5_text_shadow_horizontal_length_tablet=&#8221;0px&#8221; header_5_text_shadow_vertical_length=&#8221;header_5_text_shadow_style,%91object Object%93&#8243; header_5_text_shadow_vertical_length_tablet=&#8221;0px&#8221; header_5_text_shadow_blur_strength=&#8221;header_5_text_shadow_style,%91object Object%93&#8243; header_5_text_shadow_blur_strength_tablet=&#8221;1px&#8221; header_6_text_shadow_horizontal_length=&#8221;header_6_text_shadow_style,%91object Object%93&#8243; header_6_text_shadow_horizontal_length_tablet=&#8221;0px&#8221; header_6_text_shadow_vertical_length=&#8221;header_6_text_shadow_style,%91object Object%93&#8243; header_6_text_shadow_vertical_length_tablet=&#8221;0px&#8221; header_6_text_shadow_blur_strength=&#8221;header_6_text_shadow_style,%91object Object%93&#8243; header_6_text_shadow_blur_strength_tablet=&#8221;1px&#8221; box_shadow_horizontal_tablet=&#8221;0px&#8221; box_shadow_vertical_tablet=&#8221;0px&#8221; box_shadow_blur_tablet=&#8221;40px&#8221; box_shadow_spread_tablet=&#8221;0px&#8221; z_index_tablet=&#8221;500&#8243;]<\/p>\n<p style=\"text-align: center;\"><strong>TEKNOLOJ\u0130N\u0130N KALB\u0130 \u0130STANBUL\u2019DA ATTI<\/strong><\/p>\n<p style=\"text-align: center;\"><strong>12 .\u0130stanbul Bili\u015fim Kongresi<\/strong><\/p>\n<p style=\"text-align: center;\"><strong>6 Aral\u0131k 2018<\/strong><\/p>\n<p>Teknolojinin kalbi \u0130stanbul\u2019da att\u0131. T\u00fcrkiye Bili\u015fim Derne\u011fi \u0130stanbul \u015eubesi\u2019nin \u00a0Kadir Has \u00dcniversitesi ile birlikte bu sene\u00a0 12\u2019ncisini d\u00fczenledi\u011fi \u0130stanbul Bili\u015fim Kongresi kamu, \u00fcniversite, \u00f6zel sekt\u00f6r, bili\u015fim merkezi y\u00f6neticileri, akademisyenler, giri\u015fimciler ve yakla\u015f\u0131k 750 kat\u0131l\u0131mc\u0131n\u0131n yo\u011fun ilgisiyle 6 Aral\u0131k 2018 de \u00dcniversitenin Cibali Kamp\u00fcs\u00fcnde ger\u00e7ekle\u015ftirildi. Bu y\u0131l &#8220;Verinin Paraya D\u00f6n\u00fc\u015f\u00fcm\u00fc, Ticarette Dijital \u00c7a\u011f&#8221; temas\u0131yla d\u00fczenlenen 12. \u0130stanbul Bili\u015fim Kongresi&#8217;nde, dijital d\u00f6n\u00fc\u015f\u00fcmde verinin \u00f6nemi, ticarette dijital \u00e7a\u011f, veri madencili\u011fi, gelece\u011fin yeni veri otoban\u0131 ve interneti, yak\u0131n d\u00f6nem teknolojileri ve giri\u015fimler, e-finans, e-para sistemi ve veri g\u00fcvenli\u011fi gibi bir\u00e7ok konu masaya yat\u0131r\u0131ld\u0131. Ayn\u0131 zamanda Akademik bildirilerin de sunuldu\u011fu kongre yo\u011fun ilgi ile tamamland\u0131.<\/p>\n<p><img loading=\"lazy\" decoding=\"async\" class=\"alignnone  wp-image-118\" src=\"http:\/\/www.istanbulbilisimkongresi.org.tr\/2019\/wp-content\/uploads\/sites\/8\/2019\/09\/kat\u0131l\u0131mc\u0131-profili2018.png\" alt=\"\" width=\"394\" height=\"247\" srcset=\"https:\/\/www.istanbulbilisimkongresi.org.tr\/2019\/wp-content\/uploads\/sites\/8\/2019\/09\/kat\u0131l\u0131mc\u0131-profili2018.png 607w, https:\/\/www.istanbulbilisimkongresi.org.tr\/2019\/wp-content\/uploads\/sites\/8\/2019\/09\/kat\u0131l\u0131mc\u0131-profili2018-300x188.png 300w, https:\/\/www.istanbulbilisimkongresi.org.tr\/2019\/wp-content\/uploads\/sites\/8\/2019\/09\/kat\u0131l\u0131mc\u0131-profili2018-400x250.png 400w\" sizes=\"(max-width: 394px) 100vw, 394px\" \/><\/p>\n<p>Kadir Has \u00dcniversitesi\u2019nde d\u00fczenlenen kongrede TBD \u0130stanbul \u015eubesi Y\u00f6netim Kurulu Ba\u015fkan\u0131 Deniz Tiryakio\u011flu hedeflerinin, \u2018<strong><em>d\u00fcnyada ya\u015fanan h\u0131zl\u0131 geli\u015fmeler \u00e7er\u00e7evesinde dijital d\u00f6n\u00fc\u015f\u00fcme ayak uydurmak ve \u00fclke ekonomisine katk\u0131 sa\u011flayarak gelece\u011fe \u0131\u015f\u0131k tutmak oldu\u011funu<\/em><\/strong>\u2019 belirtti.<\/p>\n<p><img loading=\"lazy\" decoding=\"async\" class=\"wp-image-119 alignleft\" src=\"http:\/\/www.istanbulbilisimkongresi.org.tr\/2019\/wp-content\/uploads\/sites\/8\/2019\/09\/dt-res.jpg\" alt=\"\" width=\"185\" height=\"258\" srcset=\"https:\/\/www.istanbulbilisimkongresi.org.tr\/2019\/wp-content\/uploads\/sites\/8\/2019\/09\/dt-res.jpg 690w, https:\/\/www.istanbulbilisimkongresi.org.tr\/2019\/wp-content\/uploads\/sites\/8\/2019\/09\/dt-res-216x300.jpg 216w\" sizes=\"(max-width: 185px) 100vw, 185px\" \/><strong>DEN\u0130Z T\u0130RYAK\u0130O\u011eLU: \u201cD\u0130J\u0130TAL T\u0130CARET, YASAL SORUMLULUKLAR, YEN\u0130 F\u0130NANSAL S\u0130STEMLER, 5G \u0130LE TEKNOLOJ\u0130K GEL\u0130\u015eMELER ve G\u0130R\u0130\u015e\u0130MC\u0130LER\u2026\u201d<\/strong><\/p>\n<p>TBD \u0130stanbul \u015eubesi Y\u00f6netim Kurulu Ba\u015fkan\u0131 Deniz Tiryakio\u011flu a\u00e7\u0131l\u0131\u015f konu\u015fmas\u0131nda \u015fu ifadeleri kulland\u0131:<\/p>\n<p>\u201cKongremizde, sekt\u00f6rlerimizi, Kobilerimizi ve kurumlar\u0131 de\u011fi\u015fime zorlayan teknolojiyi, dijital ticareti, yasal sorumluluklar\u0131, yeni finansal sistemleri, 5G ile teknolojik geli\u015fmeleri, dijital \u00e7a\u011f\u0131m\u0131za \u00f6nc\u00fc olacak \u00f6nemli giri\u015fimci \u00f6rneklerimizi, veri madencili\u011fini, bilginin ve verinin ticaretteki yerini, de\u011ferini ve g\u00fcvenli\u011finin \u00f6nemini konu\u015ftuk. Bizim hedefimiz, d\u00fcnyada ya\u015fanan h\u0131zl\u0131 geli\u015fmeler \u00e7er\u00e7evesinde, dijital d\u00f6n\u00fc\u015f\u00fcm\u00fc, ticaretin dijitalle\u015fmesini, sahip oldu\u011fumuz verinin de\u011ferini, ekonomiye katk\u0131s\u0131n\u0131 \u00fclkemizdeki ve d\u00fcnyadaki durumunu konu\u015fmak ve de\u011ferlendirmek. <strong><em>H\u0131zla de\u011fi\u015fen ve d\u00f6n\u00fc\u015fen d\u00fcnyada aktif olmal\u0131y\u0131z. Geli\u015fmelere uyum sa\u011flayarak gelece\u011fe \u0131\u015f\u0131k tutmal\u0131y\u0131z<\/em><\/strong>.\u201d<\/p>\n<p><strong><img loading=\"lazy\" decoding=\"async\" class=\"wp-image-124 alignleft\" src=\"http:\/\/www.istanbulbilisimkongresi.org.tr\/2019\/wp-content\/uploads\/sites\/8\/2019\/09\/os-res.jpg\" alt=\"\" width=\"230\" height=\"317\" srcset=\"https:\/\/www.istanbulbilisimkongresi.org.tr\/2019\/wp-content\/uploads\/sites\/8\/2019\/09\/os-res.jpg 2488w, https:\/\/www.istanbulbilisimkongresi.org.tr\/2019\/wp-content\/uploads\/sites\/8\/2019\/09\/os-res-218x300.jpg 218w, https:\/\/www.istanbulbilisimkongresi.org.tr\/2019\/wp-content\/uploads\/sites\/8\/2019\/09\/os-res-768x1059.jpg 768w, https:\/\/www.istanbulbilisimkongresi.org.tr\/2019\/wp-content\/uploads\/sites\/8\/2019\/09\/os-res-743x1024.jpg 743w, https:\/\/www.istanbulbilisimkongresi.org.tr\/2019\/wp-content\/uploads\/sites\/8\/2019\/09\/os-res-1080x1489.jpg 1080w\" sizes=\"(max-width: 230px) 100vw, 230px\" \/>CO\u015eKUN: \u201cD\u0130J\u0130TAL D\u00dcNYANIN GET\u0130RD\u0130\u011e\u0130 TEKNOLOJ\u0130LERDEN YARARLANMALIYIZ\u201d<\/strong><\/p>\n<p><strong>\u00a0<\/strong>\u201cBili\u015fim ve teknoloji alan\u0131nda herkesin yapaca\u011f\u0131 \u00e7ok \u00f6nemli i\u015fler var, biz de ne gerekiyorsa \u00fczerimize d\u00fc\u015fen g\u00f6revi yapaca\u011f\u0131z\u201d diyen T.C Cumhurba\u015fkanl\u0131\u011f\u0131 Bilim Teknoloji ve Yenilik Politikalar\u0131 Kurul \u00dcyesi Osman Co\u015fkun ise t\u00f6rende \u015fu ifadeleri kulland\u0131:<\/p>\n<p>\u201cDo\u011fdu\u011fumuz topraklar\u0131n ve bu \u00fclkenin \u00f6nemini fark edip Bili\u015fim Derne\u011fi ve \u00fcniversiteler ba\u015fta olmak \u00fczere bu alandaki herkesin yapaca\u011f\u0131 \u00e7ok \u00f6nemli \u00e7al\u0131\u015fmalar var. Hep birlikte bu alanda \u00e7al\u0131\u015fmaya, \u00fcretmeye devam etmeliyiz. Kripto paralar ve internetten al\u0131n\u0131p sat\u0131labilen madenler ile ilgili yeni bir \u2018\u00c7iftlik Bank\u2019 olay\u0131n\u0131n ya\u015fanmamas\u0131 i\u00e7in herkesi uyar\u0131yorum. <strong><em>Dijital d\u00fcnyan\u0131n getirdi\u011fi teknolojilerden yararlanmal\u0131, ayn\u0131 zamanda da getirece\u011fi tehlikelere kar\u015f\u0131n temkinli olmal\u0131y\u0131z<\/em><\/strong>.\u201d<\/p>\n<p>\u00a0<\/p>\n<p>\u00a0<\/p>\n<p><strong><img loading=\"lazy\" decoding=\"async\" class=\"wp-image-125 alignleft\" src=\"http:\/\/www.istanbulbilisimkongresi.org.tr\/2019\/wp-content\/uploads\/sites\/8\/2019\/09\/ra-res.jpg\" alt=\"\" width=\"253\" height=\"164\" srcset=\"https:\/\/www.istanbulbilisimkongresi.org.tr\/2019\/wp-content\/uploads\/sites\/8\/2019\/09\/ra-res.jpg 3072w, https:\/\/www.istanbulbilisimkongresi.org.tr\/2019\/wp-content\/uploads\/sites\/8\/2019\/09\/ra-res-300x194.jpg 300w, https:\/\/www.istanbulbilisimkongresi.org.tr\/2019\/wp-content\/uploads\/sites\/8\/2019\/09\/ra-res-768x496.jpg 768w, https:\/\/www.istanbulbilisimkongresi.org.tr\/2019\/wp-content\/uploads\/sites\/8\/2019\/09\/ra-res-1024x661.jpg 1024w, https:\/\/www.istanbulbilisimkongresi.org.tr\/2019\/wp-content\/uploads\/sites\/8\/2019\/09\/ra-res-1080x698.jpg 1080w\" sizes=\"(max-width: 253px) 100vw, 253px\" \/>AKTEPE: \u201cTEKNOLOJ\u0130K ALT YAPININ HEDEFE ULA\u015eMAKTA \u00d6NEML\u0130 KAZANIM\u201d<\/strong><\/p>\n<p>TBD Genel Ba\u015fkan\u0131 Rahmi Aktepe a\u00e7\u0131l\u0131\u015f konu\u015fmas\u0131nda teknolojik altyap\u0131n\u0131n hedefe ula\u015fmakta \u00f6nemli kazan\u0131mlar sa\u011flayaca\u011f\u0131n\u0131n mesaj\u0131n\u0131 verdi. Aktepe\u2019nin mesajlar\u0131 \u015f\u00f6yle:<\/p>\n<p>\u201cD\u00fcnyada b\u00fcy\u00fck bir d\u00f6n\u00fc\u015f\u00fcm ya\u015fan\u0131yor. Say\u0131sal ve dijital teknolojilerin, ekonomik d\u00fczeni yeni bi\u00e7ime d\u00f6n\u00fc\u015f\u00fcyor, yeni i\u015f modelleri ortaya \u00e7\u0131k\u0131yor ve yeni bir s\u00fcrece giriliyor. \u00c7ok yak\u0131n zamana kadar sadece olmas\u0131 gerekenleri ifade etti\u011fimiz bir d\u00f6nemden, yap\u0131lanlar\u0131, at\u0131lan ad\u0131mlar\u0131 dile getirebildi\u011fimiz bir d\u00f6neme geldik. \u00dclkemizde 2011 y\u0131l\u0131ndan itibaren artan bir ivme ile geli\u015fme g\u00f6steren teknolojik altyap\u0131, hedefimize ula\u015fmada \u00f6nemli kazan\u0131mlar sa\u011flayacak. \u00d6zellikle 2018&#8217;in T\u00fcrkiye i\u00e7in dijital ekonomi y\u0131l\u0131 olarak ilan edilmi\u015f olmas\u0131n\u0131 memnuniyetle kar\u015f\u0131l\u0131yoruz. <strong><em>Teknoparklar\u0131m\u0131z\u0131n ihracat\u0131 3,6 milyar dolara ula\u015ft\u0131<\/em><\/strong>. \u00d6zellikle y\u00fcksek teknolojili \u00fcretimi hedefleyen u\u00e7tan uca yerlile\u015ftirme program\u0131, sekt\u00f6rde b\u00fcy\u00fck heyecan ve beklenti yaratmakta. <strong><em>Bug\u00fcn art\u0131k sadece yap\u0131lmas\u0131 gerekenleri de\u011fil, yap\u0131lanlar\u0131 konu\u015ftu\u011fumuz i\u00e7in memnunuz<\/em><\/strong>.\u201d<\/p>\n<p><strong><img loading=\"lazy\" decoding=\"async\" class=\"wp-image-127 alignleft\" src=\"http:\/\/www.istanbulbilisimkongresi.org.tr\/2019\/wp-content\/uploads\/sites\/8\/2019\/09\/durukanoglu-res.jpg\" alt=\"\" width=\"253\" height=\"165\" srcset=\"https:\/\/www.istanbulbilisimkongresi.org.tr\/2019\/wp-content\/uploads\/sites\/8\/2019\/09\/durukanoglu-res.jpg 3908w, https:\/\/www.istanbulbilisimkongresi.org.tr\/2019\/wp-content\/uploads\/sites\/8\/2019\/09\/durukanoglu-res-300x196.jpg 300w, https:\/\/www.istanbulbilisimkongresi.org.tr\/2019\/wp-content\/uploads\/sites\/8\/2019\/09\/durukanoglu-res-768x503.jpg 768w, https:\/\/www.istanbulbilisimkongresi.org.tr\/2019\/wp-content\/uploads\/sites\/8\/2019\/09\/durukanoglu-res-1024x671.jpg 1024w, https:\/\/www.istanbulbilisimkongresi.org.tr\/2019\/wp-content\/uploads\/sites\/8\/2019\/09\/durukanoglu-res-1080x707.jpg 1080w\" sizes=\"(max-width: 253px) 100vw, 253px\" \/>DURUKANO\u011eLU: \u201c\u0130NSANO\u011eLU, BU D\u00d6N\u00dc\u015e\u00dcM\u00dcN GEREKLER\u0130NE UYGUN OLAN S\u0130STEM\u0130 GEL\u0130\u015eT\u0130RECEK\u201d<\/strong><\/p>\n<p>Kadir Has \u00dcniversitesi Rekt\u00f6r\u00fc Prof. Dr. Sondan Durukano\u011flu Feyiz ise her \u015feyin gitgide ak\u0131lland\u0131\u011f\u0131na i\u015faret ederek, \u015fu de\u011ferlendirmelerde bulundu:<\/p>\n<p>&#8220;Televizyonlardan telefonlara, arabalardan evlere, \u015fehirlerden \u00fclkelere her \u015fey ak\u0131llan\u0131yor. En sonunda ak\u0131ll\u0131 gezegene kadar gidece\u011fiz. Ama sanmay\u0131n ki, insano\u011flu bu ak\u0131lla\u015fman\u0131n arkas\u0131nda kalacak. B\u00f6yle d\u00fc\u015f\u00fcn\u00fcyorsan\u0131z yan\u0131l\u0131yorsunuz, insano\u011flu da akl\u0131n\u0131n s\u0131n\u0131rlar\u0131n\u0131 zorlamaya ba\u015flad\u0131. Sorun, sadece b\u00fct\u00fcn ak\u0131ll\u0131 sistemlerin entegre \u015fekilde insanl\u0131\u011f\u0131n hizmetine nas\u0131l sunulaca\u011f\u0131&#8230; Bu d\u00f6n\u00fc\u015f\u00fcm, 150-200 y\u0131l \u00f6nce geli\u015ftirdi\u011fimiz ekonomik ve politik sistemlerin de yerine yenilerini getirmek zorunda b\u0131rakacak. \u0130nsano\u011flu, bu gezegende var oldu\u011fu s\u00fcrece kar\u015f\u0131s\u0131na \u00e7\u0131kan zorluklar\u0131 yendi. Bu d\u00f6n\u00fc\u015f\u00fcm\u00fc sava\u015f olarak de\u011fil, tatl\u0131 bir m\u00fccadele olarak g\u00f6r\u00fcyorum. Emin olun insano\u011flu, bu d\u00f6n\u00fc\u015f\u00fcm\u00fcn gereklerine uygun olan sistemi geli\u015ftirecek.&#8221;<\/p>\n<p><strong><img loading=\"lazy\" decoding=\"async\" class=\"wp-image-126 alignleft\" src=\"http:\/\/www.istanbulbilisimkongresi.org.tr\/2019\/wp-content\/uploads\/sites\/8\/2019\/09\/\u0131brah\u0131m-res.jpg\" alt=\"\" width=\"165\" height=\"248\" srcset=\"https:\/\/www.istanbulbilisimkongresi.org.tr\/2019\/wp-content\/uploads\/sites\/8\/2019\/09\/\u0131brah\u0131m-res.jpg 2640w, https:\/\/www.istanbulbilisimkongresi.org.tr\/2019\/wp-content\/uploads\/sites\/8\/2019\/09\/\u0131brah\u0131m-res-200x300.jpg 200w, https:\/\/www.istanbulbilisimkongresi.org.tr\/2019\/wp-content\/uploads\/sites\/8\/2019\/09\/\u0131brah\u0131m-res-768x1152.jpg 768w, https:\/\/www.istanbulbilisimkongresi.org.tr\/2019\/wp-content\/uploads\/sites\/8\/2019\/09\/\u0131brah\u0131m-res-683x1024.jpg 683w, https:\/\/www.istanbulbilisimkongresi.org.tr\/2019\/wp-content\/uploads\/sites\/8\/2019\/09\/\u0131brah\u0131m-res-1080x1620.jpg 1080w\" sizes=\"(max-width: 165px) 100vw, 165px\" \/>SALMAN: \u201cYERL\u0130 VE M\u0130LL\u0130 \u00dcRET\u0130M T\u00dcRK\u0130YE&#8217;N\u0130N KATMA DE\u011eER\u0130N\u0130 OLU\u015eTURACAK\u201d<\/strong><\/p>\n<p>\u0130stanbul Ticaret Odas\u0131(\u0130TO) Y\u00f6netim Kurulu \u00dcyesi \u0130brahim Do\u011fan Salman, T\u00fcrkiye&#8217;ye y\u00f6nelik ekonomik sald\u0131r\u0131 sonucu kurda ya\u015fanan spek\u00fclatif hareketlili\u011fin t\u00fcm i\u015f d\u00fcnyas\u0131n\u0131 s\u0131k\u0131nt\u0131 i\u00e7ine soktu\u011funu belirterek, faiz-enflasyon-kur sarmal\u0131ndan, \u00fcretim-yat\u0131r\u0131m-ihracat ile \u00e7\u0131k\u0131labilece\u011fini s\u00f6yledi.<\/p>\n<p>Salman, yerli ve milli \u00fcretim ile kalk\u0131nmak i\u00e7in \u00f6n\u00fcm\u00fczdeki d\u00f6nemde T\u00fcrkiye&#8217;nin katma de\u011fer olu\u015fturacak, ihracat\u0131 tetikleyecek s\u00fcre\u00e7lere \u00f6ncelik vermesi gerekti\u011fini kaydetti.<\/p>\n<p>\u00a0<\/p>\n<p><strong>B\u0130L\u0130\u015e\u0130M KONGRES\u0130 HAKKINDA KISA B\u0130LG\u0130:<\/strong><\/p>\n<p>Bili\u015fim Kongresi\u2019nin a\u00e7\u0131l\u0131\u015f konu\u015fmalar\u0131n\u0131; T\u00fcrkiye Bili\u015fim Derne\u011fi \u0130stanbul \u015eubesi Y\u00f6netim Kurulu Ba\u015fkan\u0131 Deniz Tiryakio\u011flu, Kadir Has \u00dcniversitesi M\u00fchendislik ve Do\u011fa Bilimleri Fak\u00fcltesi Dekan Yard\u0131mc\u0131s\u0131 Yrd. Do\u00e7. Dr. Taner Arsan, TBD Genel Ba\u015fkan\u0131 Rahmi Aktepe, , \u0130stanbul Ticaret Odas\u0131 Y\u00f6netim Kurulu \u00dcyesi \u0130brahim Do\u011fan Salman, , Kadir Has \u00dcniversitesi Rekt\u00f6r\u00fc Prof. Dr.Sondan Durukano\u011flu Feyiz ve Cumhurba\u015fkanl\u0131\u011f\u0131 Bilim Teknoloji ve Yenilik Politikalar\u0131 Kurulu \u00dcyesi Dr. Osman Co\u015fkun, Alp \u00d6nder G\u00fcler, Google Cloud \u00dclke M\u00fcd\u00fcr\u00fc yapt\u0131.<\/p>\n<p>TBD \u0130stanbul \u015eube Onur Kurulu Ba\u015fkan\u0131 Prof. Dr. M. Erdal Balaban\u2019n\u0131n moderatorl\u00fc\u011f\u00fcnde;\u00a0 Can Orhun \u00a0(E-G\u00dcVEN Genel M\u00fcd\u00fcr\u00fc), Ak\u0131n Sertcan (LOGO \u0130cra Kurulu \u00dcyesi),\u00a0 Birol Ba\u015faran (VBT Bilgi Teknolojileri A.\u015e. Genel M\u00fcd\u00fcr\u00fc) ve Av. \u00d6zg\u00fcr Eralp (TURK Elektronik Para A.\u015e. Y\u00f6netim Kurulu \u00dcyesi)\u00a0 Dijital D\u00f6n\u00fc\u015f\u00fcmde Verinin \u00d6nemi konulu \u00f6zel oturumda sunumlar\u0131n\u0131 yaparak, \u00fclkemizdeki ve d\u00fcnyadaki durumunu, gelece\u011fini, payla\u015farak gelece\u011fe \u0131\u015f\u0131k tuttular.<\/p>\n<p><strong>Akademik Bildiriler :<\/strong><\/p>\n<p>\u0130stanbul Bili\u015fim Kongresi akademik bildiri sunumlar\u0131, kat\u0131lan 20 adet bildiri ile 57 yazar ve \u00e7ok say\u0131da kat\u0131l\u0131mc\u0131 ile iki paralel salonda 6 oturumda yap\u0131lm\u0131\u015ft\u0131r. Programda yer verilen bildiri \u00f6zetleri kitab\u0131 kongre Internet sayfas\u0131nda kongre \u00f6ncesinde yay\u0131nlanm\u0131\u015f olup, tam metin bildiriler hakem de\u011ferlendirme s\u00fcrecinden sonra bildiriler kitab\u0131nda elektronik ortamda yay\u0131nlanacakt\u0131r. Akademik bildiriler ile konunun akademik \u00e7evrelerde ilgili literat\u00fcr \u00e7er\u00e7evesinde tart\u0131\u015f\u0131lmas\u0131 sa\u011flanm\u0131\u015ft\u0131r.<\/p>\n<p>\u00a0<\/p>\n<p>Paneller :<\/p>\n<p>Ticarette Dijital \u00c7a\u011f (E-\u015eirket, E-Fatura, E-Defter, E-Kimlik, E-\u0130mza, KEP, E-Kurum, E-Devlet, E Ticaret) oturumunun moderat\u00f6rl\u00fc\u011f\u00fcn\u00fc H\u00fcseyin Karaya\u011f\u0131z (TBD \u0130stanbul \u015eube Y\u00f6netim Kurulu \u00dcyesi) yaparken, M. Kurtulu\u015f Nevruz (T\u00dcRKKEP Y\u00f6netim Kurulu Ba\u015fkan\u0131), M\u00fcmin S\u00fcrerm (VBT Bilgi Teknolojileri A.\u015e.\u00a0 \u0130\u015f Geli\u015ftirme ve IT Direkt\u00f6r\u00fc), Prof. Dr. Gonca Telli (Maltepe Unv. \u0130\u015fletme Y\u00f6n. Bil. Fak. Dekan\u0131), Cenk \u00d6zcan (E-G\u00dcVEN Kurumsal Sat\u0131\u015f Direkt\u00f6r\u00fc) Dr. Oktay Adal\u0131er (T\u00dcB\u0130TAK Bilgem UEKAE e-Kimlik B\u00f6l\u00fcm Direkt\u00f6r\u00fc) panelist olarak yer ald\u0131.<\/p>\n<p>Veri Madencili\u011fi (Veriden Gelecege Bak\u0131\u015f, Verinin Ekonomik De\u011feri \u0130\u015f Zekas\u0131, Veri Analiti\u011fi, B\u00fcy\u00fck Veri, Makine \u00d6\u011frenmesi) panelinin moderat\u00f6rl\u00fc\u011f\u00fcn\u00fc Prof.Dr. Necmi G\u00fcrsakal (Fenerbah\u00e7e \u00dcniversitesi \u0130ktisadi ve \u0130dari Bilimler Fak\u00fcltesi) yaparken, Ula\u015f Kula (Bili\u015fim A.\u015e. \u0130\u015f Zekas\u0131 \u00dcr\u00fcn M\u00fcd\u00fcr\u00fc), B\u00fclent Peker (Rem People Kurucu Ortak&amp;CEO), Prof. Dr. Seniye \u00dcmit Oktay F\u0131rat (Marmara \u00dcniversitesi), Dr. Zeki Erdem (T\u00dcB\u0130TAK B\u0130LGEM BTE Ba\u015fuzman Ara\u015ft\u0131rmac\u0131) Tolga Bizel (CLPA T\u00fcrkiye M\u00fcd\u00fcr\u00fc) panelist olarak yer ald\u0131.<\/p>\n<p>Gelece\u011fin Yeni Veri Otoban\u0131 ve \u0130nterneti (5G ve Geli\u015fen Teknolojiler, Ak\u0131ll\u0131 \u015eehirler, H\u0131zl\u0131 ve G\u00fcvenilir Altyap\u0131lar, \u015eebekeler) panelinin moderat\u00f6rl\u00fc\u011f\u00fcn\u00fc R\u0131za Durucasugil (Neta\u015f \u0130novasyon ve ArGe Stratejileri Direkt\u00f6r\u00fc) yaparken, Ra\u015fit T\u00fcrkmen (T\u00fcrk Telekom \u0130\u015f Geli\u015ftirme M\u00fcd\u00fcr\u00fc), Zeynep Sar\u0131lar (ITEA Ba\u015fkan\u0131), Fatma \u00d6zdemir (Ericsson Ar-Ge Direkt\u00f6r\u00fc) panelist olarak yer ald\u0131.<\/p>\n<p>Giri\u015fimcilik: Yak\u0131n D\u00f6nem Teknolojiler ve Giri\u015fimler (Yeni Kazan\u00e7 F\u0131rsatlar\u0131 Giri\u015fimciler ile Geliyor) panelinin moderat\u00f6rl\u00fc\u011f\u00fcn\u00fc Yrd. Do\u00e7. Dr. Taner Arsan (Kadir Has \u00dcni.M\u00fch.Fak. Dekan Yard\u0131mc\u0131s\u0131) yaparken,\u00a0 Ahmet Erdem (Sosyal Medya Fenomeni), G\u00fclhan Ert\u00fcrk Akg\u00fcl (ARTGE Y\u00f6netici Direkt\u00f6r\u00fc &#8211; Kad\u0131n Giri\u015fimci), \u00a0Dr. \u00d6zg\u00fcr Ak\u0131n, (Ak\u0131nsoft &#8211; Ak\u0131nrobotics Y\u00f6netim Kurulu Ba\u015fkan\u0131), Hasan Ayarturk\u00a0 (REPG &#8211; Kurucu Ortak Genel M\u00fcd\u00fcr),\u00a0 Zeynep Dereli (Teknoloji ve \u0130nsan Kolejleri Kurucu&amp;CEO) panelist olarak yer ald\u0131.<\/p>\n<p>E-Finans ve E-Para Sistemi (E-Para, Yeni Finansal Sistemler, Reg\u00fclasyonlar) panelinin moderat\u00f6rl\u00fc\u011f\u00fcn\u00fc Mehmet Gerz (Ata Portfoy Y\u00f6netimi Genel M\u00fcd\u00fcr) yaparken, Cemil \u015einasi T\u00fcr\u00fcn (Blockchain Evangelist-CTO), Y\u00fcksel Samast (Verion Teknoloji A\u015e Kurucu Ortak \/ Genel M\u00fcd\u00fcr), Serkan Aziz Oral (TURK Elektronik Para A.\u015e. YK \u00dcyesi \/ Genel M\u00fcd\u00fcr) panelist olarak yer ald\u0131.<\/p>\n<p>Verinizin De\u011feri G\u00fcvenli\u011fi Kadard\u0131r (Bulut Tabanl\u0131 Hizmet ve Servisler KVKK) panelinde moderat\u00f6rl\u00fc\u011f\u00fcn\u00fc\u00a0 Polat Kutnay\u00a0 (TBD \u0130stanbul \u015eube Kurucu Ba\u015fkan\u0131) yaparken, Do\u00e7. Dr. Bilgin Metin (Bo\u011fazi\u00e7i \u00dcniversitesi B\u00dcS\u0130BER Y\u00f6n. Bil. Sist. Siber G\u00fcvenlik Merkezi Ynt.), Murat Demirel (Assista Bilgi \u0130\u015flem Dan\u0131\u015fmanl\u0131k Kurucu-Genel M\u00fcd\u00fcr), Can Da\u011fdelen (Parametre Ara\u015ft\u0131rma Bili\u015fim Planlama Ltd. \u015eti CEO), Av. Ceyda Akayd\u0131n (TBD \u0130stanbul \u015eubesi Y\u00f6netim Kurulu \u00dcyesi) panelist olarak yer ald\u0131.<\/p>\n<p>[\/et_pb_text][\/et_pb_column][\/et_pb_row][\/et_pb_section]<\/p>\n","protected":false},"excerpt":{"rendered":"<p><div class=\"et_pb_row et_pb_row_0 et_pb_row_empty\">\n\t\t\t\t\n\t\t\t\t\n\t\t\t\t\n\t\t\t\t\n\t\t\t\t\n\t\t\t<\/div> TEKNOLOJ\u0130N\u0130N KALB\u0130 \u0130STANBUL\u2019DA ATTI12 .\u0130stanbul Bili\u015fim Kongresi6 Aral\u0131k 2018Teknolojinin kalbi \u0130stanbul\u2019da att\u0131. T\u00fcrkiye Bili\u015fim Derne\u011fi \u0130stanbul \u015eubesi\u2019nin \u00a0Kadir Has \u00dcniversitesi ile birlikte bu sene\u00a0 12\u2019ncisini d\u00fczenledi\u011fi \u0130stanbul Bili\u015fim Kongresi kamu, \u00fcniversite, \u00f6zel sekt\u00f6r, bili\u015fim merkezi y\u00f6neticileri, akademisyenler, giri\u015fimciler ve yakla\u015f\u0131k 750 kat\u0131l\u0131mc\u0131n\u0131n yo\u011fun ilgisiyle 6 Aral\u0131k 2018 de \u00dcniversitenin Cibali Kamp\u00fcs\u00fcnde ger\u00e7ekle\u015ftirildi. Bu y\u0131l [&hellip;]<\/p>\n","protected":false},"author":2,"featured_media":0,"parent":0,"menu_order":0,"comment_status":"closed","ping_status":"closed","template":"","meta":{"_et_pb_use_builder":"on","_et_pb_old_content":"<p>[et_pb_section bb_built=\"1\" fullwidth=\"on\" specialty=\"off\" next_background_color=\"#000000\"][et_pb_fullwidth_image _builder_version=\"3.26.3\" src=\"http:\/\/www.istanbulbilisimkongresi.org.tr\/2019\/wp-content\/uploads\/sites\/8\/2019\/09\/IBK_2019_UBanner.jpg\" box_shadow_horizontal_tablet=\"0px\" box_shadow_vertical_tablet=\"0px\" box_shadow_blur_tablet=\"40px\" box_shadow_spread_tablet=\"0px\" z_index_tablet=\"500\" \/][\/et_pb_section][et_pb_section bb_built=\"1\" prev_background_color=\"#000000\"][et_pb_row][et_pb_column type=\"4_4\"][et_pb_text _builder_version=\"3.26.3\" \/][\/et_pb_column][\/et_pb_row][\/et_pb_section]<\/p>","_et_gb_content_width":"","footnotes":""},"class_list":["post-108","page","type-page","status-publish","hentry"],"amp_enabled":true,"_links":{"self":[{"href":"https:\/\/www.istanbulbilisimkongresi.org.tr\/2019\/wp-json\/wp\/v2\/pages\/108","targetHints":{"allow":["GET"]}}],"collection":[{"href":"https:\/\/www.istanbulbilisimkongresi.org.tr\/2019\/wp-json\/wp\/v2\/pages"}],"about":[{"href":"https:\/\/www.istanbulbilisimkongresi.org.tr\/2019\/wp-json\/wp\/v2\/types\/page"}],"author":[{"embeddable":true,"href":"https:\/\/www.istanbulbilisimkongresi.org.tr\/2019\/wp-json\/wp\/v2\/users\/2"}],"replies":[{"embeddable":true,"href":"https:\/\/www.istanbulbilisimkongresi.org.tr\/2019\/wp-json\/wp\/v2\/comments?post=108"}],"version-history":[{"count":4,"href":"https:\/\/www.istanbulbilisimkongresi.org.tr\/2019\/wp-json\/wp\/v2\/pages\/108\/revisions"}],"predecessor-version":[{"id":128,"href":"https:\/\/www.istanbulbilisimkongresi.org.tr\/2019\/wp-json\/wp\/v2\/pages\/108\/revisions\/128"}],"wp:attachment":[{"href":"https:\/\/www.istanbulbilisimkongresi.org.tr\/2019\/wp-json\/wp\/v2\/media?parent=108"}],"curies":[{"name":"wp","href":"https:\/\/api.w.org\/{rel}","templated":true}]}}