{"id":89,"date":"2018-07-06T18:13:40","date_gmt":"2018-07-06T15:13:40","guid":{"rendered":"http:\/\/www.istanbulbilisimkongresi.org.tr\/2018\/?page_id=89"},"modified":"2019-09-17T15:17:13","modified_gmt":"2019-09-17T12:17:13","slug":"istanbul-bilisim-kongresi","status":"publish","type":"page","link":"https:\/\/www.istanbulbilisimkongresi.org.tr\/2018\/istanbul-bilisim-kongresi\/","title":{"rendered":"\u0130stanbul Bili\u015fim Kongresi"},"content":{"rendered":"<p>[et_pb_section fb_built=&#8221;1&#8243; fullwidth=&#8221;on&#8221; _builder_version=&#8221;3.26.3&#8243;][et_pb_fullwidth_image _builder_version=&#8221;3.26.3&#8243; src=&#8221;http:\/\/www.istanbulbilisimkongresi.org.tr\/2018\/wp-content\/uploads\/sites\/2\/2019\/09\/ibk-2018-ust-tbd.jpg&#8221;][\/et_pb_fullwidth_image][\/et_pb_section][et_pb_section fb_built=&#8221;1&#8243; admin_label=&#8221;section&#8221; _builder_version=&#8221;3.26.3&#8243; use_background_color_gradient=&#8221;on&#8221; background_color_gradient_start=&#8221;#ffffff&#8221; background_color_gradient_end=&#8221;#ffffff&#8221;][et_pb_row admin_label=&#8221;row&#8221; _builder_version=&#8221;3.25&#8243; background_size=&#8221;initial&#8221; background_position=&#8221;top_left&#8221; background_repeat=&#8221;repeat&#8221;][et_pb_column type=&#8221;4_4&#8243; _builder_version=&#8221;3.25&#8243; custom_padding=&#8221;|||&#8221; custom_padding__hover=&#8221;|||&#8221;][et_pb_text admin_label=&#8221;Metin&#8221; _builder_version=&#8221;3.0.87&#8243; border_style=&#8221;solid&#8221;]<\/p>\n<h3 style=\"text-align: center;\"><span style=\"color: #000000;\"><strong>12. \u0130STANBUL B\u0130L\u0130\u015e\u0130M KONGRES\u0130<br \/>\n<\/strong><strong>\u201cVerinin Paraya D\u00f6n\u00fc\u015f\u00fcm\u00fc ,\u00a0Ticarette\u00a0Dijital \u00c7a\u011f \u201c<br \/>\n<\/strong><strong>\u00a0Aral\u0131k 2018\u00a0<\/strong><\/span><\/h3>\n<p style=\"text-align: justify;\">T\u00fcrkiye Bili\u015fim Derne\u011fi olarak Kadir Has \u00dcniversitesi ile birlikte\u00a0 d\u00fczenledigimiz 12.\u00a0 \u201c\u0130stanbul Bili\u015fim Kongresi\u201d \u201cVerinin Paraya D\u00f6n\u00fc\u015f\u00fcm\u00fc\u201d Ticaretin Dijital \u00c7a\u011f\u0131 temas\u0131 ile Aral\u0131k 2018 tarihinde Kadir Has \u00dcniversitesi Cibali Kamp\u00fcs\u00fc\u2019nde yap\u0131lacakt\u0131r<\/p>\n<p style=\"text-align: justify;\">12. \u0130stanbul Bili\u015fim Kongresi\u00a0ile T\u00fcrkiye\u2019 nin Bili\u015fim Toplumu olma yolundaki ilerlemesine katk\u0131 sunmay\u0131 ve katk\u0131 verebilecek t\u00fcm taraflar\u0131n Veri payla\u015f\u0131m\u0131 ve deste\u011fi sayesinde E-D\u00f6n\u00fc\u015f\u00fcme h\u0131z vermeyi hedeflemekteyiz. Son 40 y\u0131lda teknolojinin geli\u015fimi ile kurumlar ve \u00f6zel \u015firketler dijital \u00e7a\u011f\u0131n getirdi\u011fi yeni ara\u00e7lar\u0131 pazarlamada, yeni \u00fcr\u00fcn ve i\u015f modellerinde, otomasyonda ve organizasyon yap\u0131s\u0131na kadar farkl\u0131 yerlerde kulland\u0131lar. Bu ara\u00e7lar Ki\u015fisel bilgisayarlar, \u0130nternet, Mobil Cihazlar, Ak\u0131ll\u0131 telefonlar, Tablet ve Uygulamalard\u0131r ve e-D\u00f6n\u00fc\u015f\u00fcme etki eden fakt\u00f6rlerin ba\u015f\u0131nda gelmektedirler. Ancak son 10 y\u0131lda teknolojinin katk\u0131s\u0131 bu ara\u00e7lar\u0131n say\u0131s\u0131n\u0131 art\u0131rm\u0131\u015f ve \u015firketleri e-d\u00f6n\u00fc\u015f\u00fcme zorlamaktad\u0131r. Mobil veya hareketsiz cihazlar\u0131n ak\u0131llanmas\u0131 (Telefon, tablet, araba, ev, ak\u0131ll\u0131 sistemler, IOTler)\u00a0 bulut bili\u015fim, sosyal medya, b\u00fcy\u00fck veri analizi, yapay zek\u00e2, 3D yaz\u0131c\u0131lar, siber g\u00fcvenlik, biyoteknoloji ve sanal ger\u00e7eklik yeni ara\u00e7lara \u00f6rnek olarak g\u00f6sterilebilir.<\/p>\n<p style=\"text-align: justify;\">12. \u0130stanbul Bili\u015fim Kongresi\u2019 nde de\u011fi\u015fimi, onu zorlayan ara\u00e7lar\u0131 ve hayat\u0131 kolayla\u015ft\u0131ran teknolojilerle birlikte E-d\u00f6n\u00fc\u015f\u00fcm\u00fcn kendisi ve yeni E-altyap\u0131lar \u00fczerinde \u00e7al\u0131\u015fmalar anlat\u0131lacakt\u0131r.<\/p>\n<p style=\"text-align: justify;\">\u00d6zg\u00fcn ara\u015ft\u0131rmalar ve konu\u015fmac\u0131lar\u0131n kat\u0131laca\u011f\u0131 kongremiz\u00a0<strong>Aral\u0131k 2018\u00a0<\/strong>tarihinde<strong>\u00a0<\/strong>yap\u0131lacakt\u0131r. Kamu ve \u00f6zel sekt\u00f6r y\u00f6netici ve \u00e7al\u0131\u015fanlar\u0131n\u0131n, akademisyen ve \u00fcniversite \u00f6\u011frencilerin kat\u0131l\u0131mlar\u0131yla ger\u00e7ekle\u015ftirilecek 12. \u0130stanbul Bili\u015fim Kongresine t\u00fcm sekt\u00f6r temsilcileri davetlidir.<\/p>\n<p><a href=\"https:\/\/docs.google.com\/forms\/d\/1dMbEyYqxSktPuI3fqpMMOXhoz--bG2y9EsX0grD2zWE\/edit\"><strong><u>Kongre kat\u0131l\u0131m\u0131 \u00fccretsizdir.<\/u><\/strong><\/a><\/p>\n<p>Sayg\u0131lar\u0131m\u0131zla,<\/p>\n<p>T\u00fcrkiye Bili\u015fim Derne\u011fi<br \/>\n\u0130stanbul \u015eubesi Y\u00f6netim Kurulu<br \/>\n[\/et_pb_text][\/et_pb_column][\/et_pb_row][\/et_pb_section]<\/p>\n","protected":false},"excerpt":{"rendered":"<p>12. \u0130STANBUL B\u0130L\u0130\u015e\u0130M KONGRES\u0130 \u201cVerinin Paraya D\u00f6n\u00fc\u015f\u00fcm\u00fc ,\u00a0Ticarette\u00a0Dijital \u00c7a\u011f \u201c \u00a0Aral\u0131k 2018\u00a0 T\u00fcrkiye Bili\u015fim Derne\u011fi olarak Kadir Has \u00dcniversitesi ile birlikte\u00a0 d\u00fczenledigimiz 12.\u00a0 \u201c\u0130stanbul Bili\u015fim Kongresi\u201d \u201cVerinin Paraya D\u00f6n\u00fc\u015f\u00fcm\u00fc\u201d Ticaretin Dijital \u00c7a\u011f\u0131 temas\u0131 ile Aral\u0131k 2018 tarihinde Kadir Has \u00dcniversitesi Cibali Kamp\u00fcs\u00fc\u2019nde yap\u0131lacakt\u0131r 12. \u0130stanbul Bili\u015fim Kongresi\u00a0ile T\u00fcrkiye\u2019 nin Bili\u015fim Toplumu olma yolundaki ilerlemesine katk\u0131 [&hellip;]<\/p>\n","protected":false},"author":3,"featured_media":0,"parent":0,"menu_order":0,"comment_status":"closed","ping_status":"closed","template":"","meta":{"_et_pb_use_builder":"on","_et_pb_old_content":"","_et_gb_content_width":"","footnotes":""},"class_list":["post-89","page","type-page","status-publish","hentry"],"amp_enabled":true,"_links":{"self":[{"href":"https:\/\/www.istanbulbilisimkongresi.org.tr\/2018\/wp-json\/wp\/v2\/pages\/89","targetHints":{"allow":["GET"]}}],"collection":[{"href":"https:\/\/www.istanbulbilisimkongresi.org.tr\/2018\/wp-json\/wp\/v2\/pages"}],"about":[{"href":"https:\/\/www.istanbulbilisimkongresi.org.tr\/2018\/wp-json\/wp\/v2\/types\/page"}],"author":[{"embeddable":true,"href":"https:\/\/www.istanbulbilisimkongresi.org.tr\/2018\/wp-json\/wp\/v2\/users\/3"}],"replies":[{"embeddable":true,"href":"https:\/\/www.istanbulbilisimkongresi.org.tr\/2018\/wp-json\/wp\/v2\/comments?post=89"}],"version-history":[{"count":9,"href":"https:\/\/www.istanbulbilisimkongresi.org.tr\/2018\/wp-json\/wp\/v2\/pages\/89\/revisions"}],"predecessor-version":[{"id":233,"href":"https:\/\/www.istanbulbilisimkongresi.org.tr\/2018\/wp-json\/wp\/v2\/pages\/89\/revisions\/233"}],"wp:attachment":[{"href":"https:\/\/www.istanbulbilisimkongresi.org.tr\/2018\/wp-json\/wp\/v2\/media?parent=89"}],"curies":[{"name":"wp","href":"https:\/\/api.w.org\/{rel}","templated":true}]}}