{"id":150,"date":"2019-07-04T17:51:27","date_gmt":"2019-07-04T14:51:27","guid":{"rendered":"http:\/\/www.istanbulbilisimkongresi.org.tr\/2018\/?page_id=150"},"modified":"2019-09-17T15:34:12","modified_gmt":"2019-09-17T12:34:12","slug":"ulasim","status":"publish","type":"page","link":"https:\/\/www.istanbulbilisimkongresi.org.tr\/2018\/ulasim\/","title":{"rendered":"Ula\u015f\u0131m"},"content":{"rendered":"<p>[et_pb_section fb_built=&#8221;1&#8243; fullwidth=&#8221;on&#8221; admin_label=&#8221;B\u00f6l\u00fcm&#8221; _builder_version=&#8221;3.22&#8243;][et_pb_fullwidth_image src=&#8221;http:\/\/www.istanbulbilisimkongresi.org.tr\/2018\/wp-content\/uploads\/sites\/2\/2019\/09\/ibk-2018-ust-tbd.jpg&#8221; admin_label=&#8221;Tam Geni\u015f Resim&#8221; _builder_version=&#8221;3.26.3&#8243; animation_style=&#8221;slide&#8221; animation_direction=&#8221;left&#8221; animation_duration=&#8221;500ms&#8221; animation_intensity_slide=&#8221;10%&#8221; animation=&#8221;left&#8221; border_style=&#8221;solid&#8221;][\/et_pb_fullwidth_image][\/et_pb_section][et_pb_section fb_built=&#8221;1&#8243; admin_label=&#8221;section&#8221; _builder_version=&#8221;3.22&#8243;][et_pb_row admin_label=&#8221;row&#8221; _builder_version=&#8221;3.25&#8243; background_size=&#8221;initial&#8221; background_position=&#8221;top_left&#8221; background_repeat=&#8221;repeat&#8221; column_structure=&#8221;1_2,1_2&#8243;][et_pb_column type=&#8221;1_2&#8243; _builder_version=&#8221;3.25&#8243; custom_padding=&#8221;|||&#8221; custom_padding__hover=&#8221;|||&#8221;][et_pb_text admin_label=&#8221;Metin&#8221; _builder_version=&#8221;3.0.87&#8243; border_style=&#8221;solid&#8221;]<\/p>\n<h5><strong>Etkinlik Yeri<\/strong>\u00a0: Kadir Has \u00dcniversitesi Merkez Kamp\u00fcs\u00fc<\/h5>\n<h5>\u00a0 \u00a0 \u00a0 \u00a0 \u00a0 \u00a0 \u00a0 \u00a0 \u00a0 \u00a0 \u00a0 \u00a0Kadir Has Caddesi , Cibali 34083 \u00a0\u0130stanbul<\/h5>\n<h5><strong>Seminer Salonu<\/strong>\u00a0:\u00a0 D Kap\u0131s\u0131\u00a0 2.kat\u00a0 \u00a0Ana Salon<\/h5>\n<p>[\/et_pb_text][\/et_pb_column][et_pb_column type=&#8221;1_2&#8243; _builder_version=&#8221;3.25&#8243; custom_padding=&#8221;|||&#8221; custom_padding__hover=&#8221;|||&#8221;][et_pb_toggle title=&#8221;OTOB\u00dcS&#8221; admin_label=&#8221;De\u00f0i\u00fetir&#8221; _builder_version=&#8221;3.0.87&#8243; border_style=&#8221;solid&#8221;]<strong>OTOB\u00dcS \u0130LE<\/strong><br \/>\nUnkapi- Kadir Has \u00dcniversitesi dura\u011f\u0131ndan ge\u00e7en otob\u00fcsler a\u015fa\u011f\u0131daki gibidir;<\/p>\n<table class=\"table table-bordered table-condensed text-left table-hover table-striped\">\n<tbody>\n<tr>\n<td><strong>Hat No<\/strong><\/td>\n<td><strong>Hatt\u0131n Ad\u0131<\/strong><\/td>\n<\/tr>\n<tr>\n<td>33ES<\/td>\n<td>ESENLER G\u0130Y\u0130MKENT \u2013 ATI\u015eALANI \u2013 EM\u0130N\u00d6N\u00dc<\/td>\n<\/tr>\n<tr>\n<td>36CE<\/td>\n<td>CEBEC\u0130 MAHALLES\u0130 \u2013 EM\u0130N\u00d6N\u00dc<\/td>\n<\/tr>\n<tr>\n<td>399B<\/td>\n<td>G\u00dcZELTEPE \u2013 EM\u0130N\u00d6N\u00dc<\/td>\n<\/tr>\n<tr>\n<td>399C<\/td>\n<td>ESENTEPE MAHALLES\u0130 \u2013 EM\u0130N\u00d6N\u00dc<\/td>\n<\/tr>\n<tr>\n<td>41Y<\/td>\n<td>AYAZA\u011eA \u2013 KA\u011eITHANE \u2013 YEN\u0130KAPI<\/td>\n<\/tr>\n<tr>\n<td>44B<\/td>\n<td>HAM\u0130D\u0130YE MAHALLES\u0130 \u2013 EM\u0130N\u00d6N\u00dc<\/td>\n<\/tr>\n<tr>\n<td>48E<\/td>\n<td>G\u00d6KT\u00dcRK \u2013 EM\u0130N\u00d6N\u00dc<\/td>\n<\/tr>\n<tr>\n<td>55T<\/td>\n<td>GAZ\u0130OSMANPA\u015eA \u2013 TAKS\u0130M<\/td>\n<\/tr>\n<tr>\n<td>99<\/td>\n<td>AK\u015eEMSETT\u0130N MAHALLES\u0130 \u2013 EM\u0130N\u00d6N\u00dc<\/td>\n<\/tr>\n<tr>\n<td>99A<\/td>\n<td>GAZ\u0130OSMANPA\u015eA \u2013 EM\u0130N\u00d6N\u00dc<\/td>\n<\/tr>\n<tr>\n<td>99Y<\/td>\n<td>YE\u015e\u0130LPINAR \u2013 EM\u0130N\u00d6N\u00dc<\/td>\n<\/tr>\n<\/tbody>\n<\/table>\n<p>Kadir Has \u00dcniversitesi\u2019ne 10 dakika y\u00fcr\u00fcme<br \/>\n[\/et_pb_toggle][et_pb_toggle title=&#8221;METRO \u0130LE ULA\u015eIM&#8221; admin_label=&#8221;De\u00f0i\u00fetir&#8221; _builder_version=&#8221;3.0.87&#8243; border_style=&#8221;solid&#8221;]<strong>METRO \u0130LE ULA\u015eIM<\/strong><\/p>\n<p>Ekteki Cibali Kamp\u00fcs Metro ile ula\u015f\u0131m haritas\u0131na bak\u0131n\u0131z.<br \/>\nCibali Kamp\u00fcse metro ile ula\u015fmak i\u00e7in, Yenikap\u0131 \u2013 Hac\u0131osman aras\u0131nda kar\u015f\u0131l\u0131kl\u0131 sefer yapan M2 numaral\u0131\u00a0 metro hatt\u0131na binip Hal\u0131\u00e7 dura\u011f\u0131nda inerek Cibali kamp\u00fcse ula\u015fabilirsiniz. Hali\u00e7 dura\u011f\u0131ndan Cibali Kamp\u00fcse yakla\u015f\u0131k 10 dk y\u00fcr\u00fcme mesafesi vard\u0131r. Bunun haricinde di\u011fer rayl\u0131 sistemleri kullanarak, harita da g\u00f6r\u00fclece\u011fi \u00fczere aktarma istasyonlar\u0131 vas\u0131tas\u0131yla da Cibali Kamp\u00fcse ula\u015fmak m\u00fcmk\u00fcnd\u00fcr.<\/p>\n<p><a href=\"http:\/\/www.istanbulbilisimkongresi.org.tr\/2018\/wp-content\/uploads\/sites\/2\/2019\/07\/ulasim-cibali-1.jpg\" target=\"_blank\" rel=\"noopener noreferrer\"><img loading=\"lazy\" decoding=\"async\" class=\"alignnone wp-image-154 size-full\" src=\"http:\/\/www.istanbulbilisimkongresi.org.tr\/2018\/wp-content\/uploads\/sites\/2\/2019\/07\/ulasim-cibali-1.jpg\" alt=\"\" width=\"1997\" height=\"1120\" srcset=\"https:\/\/www.istanbulbilisimkongresi.org.tr\/2018\/wp-content\/uploads\/sites\/2\/2019\/07\/ulasim-cibali-1.jpg 1997w, https:\/\/www.istanbulbilisimkongresi.org.tr\/2018\/wp-content\/uploads\/sites\/2\/2019\/07\/ulasim-cibali-1-300x168.jpg 300w, https:\/\/www.istanbulbilisimkongresi.org.tr\/2018\/wp-content\/uploads\/sites\/2\/2019\/07\/ulasim-cibali-1-768x431.jpg 768w, https:\/\/www.istanbulbilisimkongresi.org.tr\/2018\/wp-content\/uploads\/sites\/2\/2019\/07\/ulasim-cibali-1-1024x574.jpg 1024w, https:\/\/www.istanbulbilisimkongresi.org.tr\/2018\/wp-content\/uploads\/sites\/2\/2019\/07\/ulasim-cibali-1-1080x606.jpg 1080w\" sizes=\"(max-width: 1997px) 100vw, 1997px\" \/><\/a><\/p>\n<p><strong>METROB\u00dcS \u0130LE ULA\u015eIM<\/strong><br \/>\n<strong>Cibali Kamp\u00fcse ula\u015fmak i\u00e7in<\/strong>; Avc\u0131lar \u2013 Zincirlikuyu aras\u0131nda kar\u015f\u0131l\u0131kl\u0131 sefer yapan 34, Cevizliba\u011f \u2013 S\u00f6\u011f\u00fctl\u00fc\u00e7e\u015fme aras\u0131nda kar\u015f\u0131l\u0131kl\u0131 sefer yapan 34A, G\u00fcrp\u0131nar(T\u00dcYAP) \u2013\u00a0 S\u00f6\u011f\u00fctl\u00fc\u00e7e\u015fme aras\u0131nda kar\u015f\u0131l\u0131kl\u0131 sefer yapan 34G numaral\u0131 metrob\u00fcs hatlar\u0131na binip, Ayvansaray dura\u011f\u0131nda inebilirsiniz. Ayvansaray dura\u011f\u0131ndan 399C numaral\u0131 otob\u00fcse binip Unkapan\u0131 Kadir Has \u00dcniversitesi dura\u011f\u0131nda inebilirsiniz. Ya da Hali\u00e7 K\u00f6pr\u00fcs\u00fc alt\u0131, Feshane dura\u011f\u0131ndan 1453 numaral\u0131 otob\u00fcse binip, Hali\u00e7 Metro dura\u011f\u0131nda inebilirsiniz.<\/p>\n<p><a href=\"http:\/\/www.istanbulbilisimkongresi.org.tr\/2018\/wp-content\/uploads\/sites\/2\/2019\/07\/ulasim-cibali-2.jpg\" target=\"_blank\" rel=\"noopener noreferrer\"><img loading=\"lazy\" decoding=\"async\" class=\"aligncenter wp-image-156 size-full\" src=\"http:\/\/www.istanbulbilisimkongresi.org.tr\/2018\/wp-content\/uploads\/sites\/2\/2019\/07\/ulasim-cibali-2.jpg\" alt=\"\" width=\"2006\" height=\"1151\" srcset=\"https:\/\/www.istanbulbilisimkongresi.org.tr\/2018\/wp-content\/uploads\/sites\/2\/2019\/07\/ulasim-cibali-2.jpg 2006w, https:\/\/www.istanbulbilisimkongresi.org.tr\/2018\/wp-content\/uploads\/sites\/2\/2019\/07\/ulasim-cibali-2-300x172.jpg 300w, https:\/\/www.istanbulbilisimkongresi.org.tr\/2018\/wp-content\/uploads\/sites\/2\/2019\/07\/ulasim-cibali-2-768x441.jpg 768w, https:\/\/www.istanbulbilisimkongresi.org.tr\/2018\/wp-content\/uploads\/sites\/2\/2019\/07\/ulasim-cibali-2-1024x588.jpg 1024w, https:\/\/www.istanbulbilisimkongresi.org.tr\/2018\/wp-content\/uploads\/sites\/2\/2019\/07\/ulasim-cibali-2-1080x620.jpg 1080w\" sizes=\"(max-width: 2006px) 100vw, 2006px\" \/><\/a><br \/>\n[\/et_pb_toggle][et_pb_toggle title=&#8221;VAPUR&#8221; admin_label=&#8221;De\u00f0i\u00fetir&#8221; _builder_version=&#8221;3.0.87&#8243; border_style=&#8221;solid&#8221;]<strong>VAPUR \u0130LE ULA\u015eIM<\/strong><br \/>\nEmin\u00f6n\u00fc vapur iskelesine gelen t\u00fcm vapur ve motorlar ile kamp\u00fcse eri\u015fim sa\u011flanabilir. Emin\u00f6n\u00fc otob\u00fcs duraklar\u0131ndan a\u015fa\u011f\u0131daki hatlar Kadir Has \u00dcniversitesi dura\u011f\u0131ndan ge\u00e7mektedir.<\/p>\n<table class=\"table table-bordered table-condensed text-left table-hover table-striped\">\n<tbody>\n<tr>\n<td><strong>HAT<\/strong><\/td>\n<td><strong>HAT ADI<\/strong><\/td>\n<\/tr>\n<tr>\n<td>33ES<\/td>\n<td>ESENLER G\u0130Y\u0130MKENT \u2013 ATI\u015eALANI \u2013 EM\u0130N\u00d6N\u00dc<\/td>\n<\/tr>\n<tr>\n<td>36CE<\/td>\n<td>CEBEC\u0130 MAHALLES\u0130 \u2013 EM\u0130N\u00d6N\u00dc<\/td>\n<\/tr>\n<tr>\n<td>399B<\/td>\n<td>G\u00dcZELTEPE \u2013 EM\u0130N\u00d6N\u00dc<\/td>\n<\/tr>\n<tr>\n<td>399C<\/td>\n<td>ESENTEPE MAHALLES\u0130 \u2013 EM\u0130N\u00d6N\u00dc<\/td>\n<\/tr>\n<tr>\n<td>44B<\/td>\n<td>HAM\u0130D\u0130YE MAHALLES\u0130 \u2013 EM\u0130N\u00d6N\u00dc<\/td>\n<\/tr>\n<tr>\n<td>48E<\/td>\n<td>G\u00d6KT\u00dcRK \u2013 EM\u0130N\u00d6N\u00dc<\/td>\n<\/tr>\n<tr>\n<td>99<\/td>\n<td>AK\u015eEMSETT\u0130N MAHALLES\u0130 \u2013 EM\u0130N\u00d6N\u00dc<\/td>\n<\/tr>\n<tr>\n<td>99A<\/td>\n<td>GAZ\u0130OSMANPA\u015eA \u2013 EM\u0130N\u00d6N\u00dc<\/td>\n<\/tr>\n<tr>\n<td>99Y<\/td>\n<td>YE\u015e\u0130LPINAR \u2013 EM\u0130N\u00d6N\u00dc<\/td>\n<\/tr>\n<\/tbody>\n<\/table>\n<p>[\/et_pb_toggle][\/et_pb_column][\/et_pb_row][\/et_pb_section]<\/p>\n","protected":false},"excerpt":{"rendered":"<p>Etkinlik Yeri\u00a0: Kadir Has \u00dcniversitesi Merkez Kamp\u00fcs\u00fc \u00a0 \u00a0 \u00a0 \u00a0 \u00a0 \u00a0 \u00a0 \u00a0 \u00a0 \u00a0 \u00a0 \u00a0Kadir Has Caddesi , Cibali 34083 \u00a0\u0130stanbul Seminer Salonu\u00a0:\u00a0 D Kap\u0131s\u0131\u00a0 2.kat\u00a0 \u00a0Ana Salon OTOB\u00dcS \u0130LE Unkapi- Kadir Has \u00dcniversitesi dura\u011f\u0131ndan ge\u00e7en otob\u00fcsler a\u015fa\u011f\u0131daki gibidir; Hat No Hatt\u0131n Ad\u0131 33ES ESENLER G\u0130Y\u0130MKENT \u2013 ATI\u015eALANI \u2013 EM\u0130N\u00d6N\u00dc 36CE [&hellip;]<\/p>\n","protected":false},"author":2,"featured_media":0,"parent":0,"menu_order":0,"comment_status":"closed","ping_status":"closed","template":"","meta":{"_et_pb_use_builder":"on","_et_pb_old_content":"","_et_gb_content_width":"","footnotes":""},"class_list":["post-150","page","type-page","status-publish","hentry"],"amp_enabled":true,"_links":{"self":[{"href":"https:\/\/www.istanbulbilisimkongresi.org.tr\/2018\/wp-json\/wp\/v2\/pages\/150","targetHints":{"allow":["GET"]}}],"collection":[{"href":"https:\/\/www.istanbulbilisimkongresi.org.tr\/2018\/wp-json\/wp\/v2\/pages"}],"about":[{"href":"https:\/\/www.istanbulbilisimkongresi.org.tr\/2018\/wp-json\/wp\/v2\/types\/page"}],"author":[{"embeddable":true,"href":"https:\/\/www.istanbulbilisimkongresi.org.tr\/2018\/wp-json\/wp\/v2\/users\/2"}],"replies":[{"embeddable":true,"href":"https:\/\/www.istanbulbilisimkongresi.org.tr\/2018\/wp-json\/wp\/v2\/comments?post=150"}],"version-history":[{"count":5,"href":"https:\/\/www.istanbulbilisimkongresi.org.tr\/2018\/wp-json\/wp\/v2\/pages\/150\/revisions"}],"predecessor-version":[{"id":251,"href":"https:\/\/www.istanbulbilisimkongresi.org.tr\/2018\/wp-json\/wp\/v2\/pages\/150\/revisions\/251"}],"wp:attachment":[{"href":"https:\/\/www.istanbulbilisimkongresi.org.tr\/2018\/wp-json\/wp\/v2\/media?parent=150"}],"curies":[{"name":"wp","href":"https:\/\/api.w.org\/{rel}","templated":true}]}}