{"id":483,"date":"2017-11-21T15:05:02","date_gmt":"2017-11-21T13:05:02","guid":{"rendered":"http:\/\/www.istanbulbilisimkongresi.org.tr\/2017\/?page_id=483"},"modified":"2017-11-30T14:59:27","modified_gmt":"2017-11-30T12:59:27","slug":"gelecekteki-sektorler-ve-islerimiz","status":"publish","type":"page","link":"http:\/\/www.istanbulbilisimkongresi.org.tr\/2017\/program\/gelecekteki-sektorler-ve-islerimiz\/","title":{"rendered":"Gelecekteki Sekt\u00f6rler ve \u0130\u015flerimiz"},"content":{"rendered":"<p>[et_pb_section bb_built=&#8221;1&#8243; admin_label=&#8221;section&#8221; _builder_version=&#8221;3.0.51&#8243; use_background_color_gradient=&#8221;on&#8221; background_color_gradient_start=&#8221;rgba(206,206,206,0.68)&#8221; background_color_gradient_end=&#8221;rgba(151,186,216,0.81)&#8221;][et_pb_row admin_label=&#8221;row&#8221; background_position=&#8221;top_left&#8221; background_repeat=&#8221;repeat&#8221; background_size=&#8221;initial&#8221; _builder_version=&#8221;3.0.51&#8243; background_position_1=&#8221;top_left&#8221; background_repeat_1=&#8221;no-repeat&#8221; background_color_gradient_start=&#8221;#fcfcfc&#8221;][et_pb_column type=&#8221;4_4&#8243;][et_pb_text admin_label=&#8221;Metin&#8221; background_position=&#8221;top_left&#8221; background_repeat=&#8221;repeat&#8221; background_size=&#8221;initial&#8221; _builder_version=&#8221;3.0.51&#8243; background_layout=&#8221;light&#8221; text_orientation=&#8221;left&#8221; border_style=&#8221;solid&#8221;]<\/p>\n<p><img loading=\"lazy\" decoding=\"async\" class=\"size-full wp-image-501 alignleft\" src=\"http:\/\/www.istanbulbilisimkongresi.org.tr\/2017\/wp-content\/uploads\/Eray-Yuksek.jpg\" alt=\"\" width=\"240\" height=\"320\" \/><\/p>\n<p><span style=\"color: #000000;\"><strong>ERAY Y\u00dcKSEK<\/strong><\/span><\/p>\n<p><span style=\"color: #000000;\"><strong>F\u00fct\u00fcrist,Hikaye Anlat\u0131c\u0131,Stratejist,Dijital D\u00f6n\u00fc\u015ft\u00fcr\u00fcc\u00fc<\/strong><\/span><\/p>\n<p>30 y\u0131l\u0131 a\u015fk\u0131n s\u00fcrede \u00e7e\u015fitli end\u00fcstrilerde kurumlar\u0131n; markala\u015fmalar\u0131, farkl\u0131la\u015fmalar\u0131, yarat\u0131c\u0131 ve inovatif olmalar\u0131 konusunda; projelerinin ba\u015flat\u0131lmas\u0131nda ve \u015fekillenmesinde \u00f6nemli roller alm\u0131\u015ft\u0131r. D\u00f6n\u00fc\u015f\u00fcm, strateji, teknoloji ile i\u015fi bulu\u015fturma; gelece\u011fi anlama, senaryolar \u00fcretme ve istenilene ula\u015fma konular\u0131nda liderlik, ko\u00e7luk g\u00f6revlerini \u00fcstlenmi\u015ftir. Avrupa\u2019n\u0131n geli\u015fmi\u015f \u00fclkelerinde IBM firmas\u0131n\u0131n i\u015finin s\u00fcreklili\u011fini sa\u011flamak i\u00e7in \u00fcst seviye g\u00f6revler \u00fcstlenmi\u015ftir. IBM T\u00fcrk\u2019\u00fcn, hizmet organizasyonuna d\u00f6n\u00fc\u015ft\u00fc\u011f\u00fc y\u0131llarda yapt\u0131\u011f\u0131 Genel M\u00fcd\u00fcrl\u00fck g\u00f6revi s\u0131ras\u0131nda, b\u00fcy\u00fcme ve pazar paylar\u0131 rekor art\u0131\u015flar g\u00f6stermi\u015ftir. Ba\u015fkan Yard\u0131mc\u0131l\u0131\u011f\u0131 d\u00f6neminde, yeni pazarlar ve yeni \u00fclkeler IBM d\u00fcnyas\u0131na kat\u0131lm\u0131\u015ft\u0131r. Halihaz\u0131rda F\u00fct\u00fcristler Derne\u011fi\u2019nde Ba\u015fkanl\u0131k g\u00f6revini \u00fcstlenmekte; kurumlar, giri\u015fimciler ve gen\u00e7lere iyi bir gelecek \u00fcretebilmeleri i\u00e7in destek vermektedir.<\/p>\n<p>[\/et_pb_text][et_pb_image admin_label=&#8221;G\u00f6r\u00fcnt\u00fc&#8221; _builder_version=&#8221;3.0.51&#8243; show_in_lightbox=&#8221;off&#8221; url_new_window=&#8221;off&#8221; src=&#8221;http:\/\/www.istanbulbilisimkongresi.org.tr\/2017\/wp-content\/uploads\/Duyuru-Eray-Y\u00fcksek-res.jpg&#8221; sticky=&#8221;off&#8221; align=&#8221;left&#8221; always_center_on_mobile=&#8221;on&#8221; use_overlay=&#8221;off&#8221; border_style=&#8221;solid&#8221; force_fullwidth=&#8221;off&#8221; \/][\/et_pb_column][\/et_pb_row][\/et_pb_section]<\/p>\n","protected":false},"excerpt":{"rendered":"<p>[et_pb_section bb_built=&#8221;1&#8243; admin_label=&#8221;section&#8221; _builder_version=&#8221;3.0.51&#8243; use_background_color_gradient=&#8221;on&#8221; background_color_gradient_start=&#8221;rgba(206,206,206,0.68)&#8221; background_color_gradient_end=&#8221;rgba(151,186,216,0.81)&#8221;][et_pb_row admin_label=&#8221;row&#8221; background_position=&#8221;top_left&#8221; background_repeat=&#8221;repeat&#8221; background_size=&#8221;initial&#8221; _builder_version=&#8221;3.0.51&#8243; background_position_1=&#8221;top_left&#8221; background_repeat_1=&#8221;no-repeat&#8221; background_color_gradient_start=&#8221;#fcfcfc&#8221;][et_pb_column type=&#8221;4_4&#8243;][et_pb_text admin_label=&#8221;Metin&#8221; background_position=&#8221;top_left&#8221; background_repeat=&#8221;repeat&#8221; background_size=&#8221;initial&#8221; _builder_version=&#8221;3.0.51&#8243; background_layout=&#8221;light&#8221; text_orientation=&#8221;left&#8221; border_style=&#8221;solid&#8221;] ERAY Y\u00dcKSEK F\u00fct\u00fcrist,Hikaye Anlat\u0131c\u0131,Stratejist,Dijital D\u00f6n\u00fc\u015ft\u00fcr\u00fcc\u00fc 30 y\u0131l\u0131 a\u015fk\u0131n s\u00fcrede \u00e7e\u015fitli end\u00fcstrilerde kurumlar\u0131n; markala\u015fmalar\u0131, farkl\u0131la\u015fmalar\u0131, yarat\u0131c\u0131 ve inovatif olmalar\u0131 konusunda; projelerinin ba\u015flat\u0131lmas\u0131nda ve \u015fekillenmesinde \u00f6nemli roller alm\u0131\u015ft\u0131r. D\u00f6n\u00fc\u015f\u00fcm, strateji, teknoloji ile i\u015fi [&hellip;]<\/p>\n","protected":false},"author":1,"featured_media":0,"parent":87,"menu_order":0,"comment_status":"closed","ping_status":"closed","template":"","meta":{"_et_pb_use_builder":"on","_et_pb_old_content":"<p><img class=\"size-full wp-image-501 alignleft\" src=\"http:\/\/www.istanbulbilisimkongresi.org.tr\/2017\/wp-content\/uploads\/Eray-Yuksek.jpg\" alt=\"\" width=\"240\" height=\"320\" \/><\/p><p><strong>ERAY Y\u00dcKSEK<\/strong><\/p><p><strong>F\u00fct\u00fcrist,Hikaye Anlat\u0131c\u0131,Stratejist,Dijital D\u00f6n\u00fc\u015ft\u00fcr\u00fcc\u00fc<\/strong><\/p><p>30 y\u0131l\u0131 a\u015fk\u0131n s\u00fcrede \u00e7e\u015fitli end\u00fcstrilerde kurumlar\u0131n; markala\u015fmalar\u0131, farkl\u0131la\u015fmalar\u0131, yarat\u0131c\u0131 ve inovatif olmalar\u0131 konusunda; projelerinin ba\u015flat\u0131lmas\u0131nda ve \u015fekillenmesinde \u00f6nemli roller alm\u0131\u015ft\u0131r. D\u00f6n\u00fc\u015f\u00fcm, strateji, teknoloji ile i\u015fi bulu\u015fturma; gelece\u011fi anlama, senaryolar \u00fcretme ve istenilene ula\u015fma konular\u0131nda liderlik, ko\u00e7luk g\u00f6revlerini \u00fcstlenmi\u015ftir. Avrupa\u2019n\u0131n geli\u015fmi\u015f \u00fclkelerinde IBM firmas\u0131n\u0131n i\u015finin s\u00fcreklili\u011fini sa\u011flamak i\u00e7in \u00fcst seviye g\u00f6revler \u00fcstlenmi\u015ftir. IBM T\u00fcrk\u2019\u00fcn, hizmet organizasyonuna d\u00f6n\u00fc\u015ft\u00fc\u011f\u00fc y\u0131llarda yapt\u0131\u011f\u0131 Genel M\u00fcd\u00fcrl\u00fck g\u00f6revi s\u0131ras\u0131nda, b\u00fcy\u00fcme ve pazar paylar\u0131 rekor art\u0131\u015flar g\u00f6stermi\u015ftir. Ba\u015fkan Yard\u0131mc\u0131l\u0131\u011f\u0131 d\u00f6neminde, yeni pazarlar ve yeni \u00fclkeler IBM d\u00fcnyas\u0131na kat\u0131lm\u0131\u015ft\u0131r. Halihaz\u0131rda F\u00fct\u00fcristler Derne\u011fi\u2019nde Ba\u015fkanl\u0131k g\u00f6revini \u00fcstlenmekte; kurumlar, giri\u015fimciler ve gen\u00e7lere iyi bir gelecek \u00fcretebilmeleri i\u00e7in destek vermektedir.<\/p>","footnotes":""},"_links":{"self":[{"href":"http:\/\/www.istanbulbilisimkongresi.org.tr\/2017\/wp-json\/wp\/v2\/pages\/483"}],"collection":[{"href":"http:\/\/www.istanbulbilisimkongresi.org.tr\/2017\/wp-json\/wp\/v2\/pages"}],"about":[{"href":"http:\/\/www.istanbulbilisimkongresi.org.tr\/2017\/wp-json\/wp\/v2\/types\/page"}],"author":[{"embeddable":true,"href":"http:\/\/www.istanbulbilisimkongresi.org.tr\/2017\/wp-json\/wp\/v2\/users\/1"}],"replies":[{"embeddable":true,"href":"http:\/\/www.istanbulbilisimkongresi.org.tr\/2017\/wp-json\/wp\/v2\/comments?post=483"}],"version-history":[{"count":6,"href":"http:\/\/www.istanbulbilisimkongresi.org.tr\/2017\/wp-json\/wp\/v2\/pages\/483\/revisions"}],"predecessor-version":[{"id":603,"href":"http:\/\/www.istanbulbilisimkongresi.org.tr\/2017\/wp-json\/wp\/v2\/pages\/483\/revisions\/603"}],"up":[{"embeddable":true,"href":"http:\/\/www.istanbulbilisimkongresi.org.tr\/2017\/wp-json\/wp\/v2\/pages\/87"}],"wp:attachment":[{"href":"http:\/\/www.istanbulbilisimkongresi.org.tr\/2017\/wp-json\/wp\/v2\/media?parent=483"}],"curies":[{"name":"wp","href":"https:\/\/api.w.org\/{rel}","templated":true}]}}